{"id":9768,"date":"2026-08-13T11:00:14","date_gmt":"2026-08-13T09:00:14","guid":{"rendered":"https:\/\/yobo.be\/?post_type=event&#038;p=9768"},"modified":"2026-08-14T15:01:36","modified_gmt":"2026-08-14T13:01:36","slug":"journee-decouverte-les-melezes","status":"publish","type":"event","link":"https:\/\/yobo.be\/fr\/event\/journee-decouverte-les-melezes\/","title":{"rendered":"Afterimmo &#8211; Les M\u00e9l\u00e8zes"},"content":{"rendered":"","protected":false},"author":1,"featured_media":6734,"template":"","meta":{"_acf_changed":false,"content-type":"","_genesis_title":"","_genesis_description":"","footnotes":""},"event-type":[91],"region":[113,67],"class_list":["post-9768","event","type-event","status-publish","has-post-thumbnail","hentry","event-type-journee-portes-ouvertes","region-bruxelles","region-ixelles"],"acf":[],"meta_all":{"event_gallery":"","programma":"","large_event":"1","event_algemene_info":"","sectie_afbeelding":"","experten":"","sectie_tekst_met_afbeelding":"","event_formulier":"","event_algemene_info_event_date":"20260917","event_algemene_info_event_start_time":"17:00:00","event_algemene_info_event_end_time":"19:00:00","event_algemene_info_event_locatie_informatie":"","sectie_afbeelding_image_banner_background":"","experten_experts_aanwezig":"0","experten_event_experts":"","sectie_tekst_met_afbeelding_textblock_image":"","hide_this_event_from_the_loops":"0","content-type":"","footnotes":"","sectie_tekst_met_afbeelding_textblock_title":"","sectie_tekst_met_afbeelding_textblock_subtitle":"","sectie_tekst_met_afbeelding_textblock_text":"","sectie_tekst_met_afbeelding_textblock_button_title":"","sectie_tekst_met_afbeelding_textblock_button_link":"","event_formulier_form_text":"","event_algemene_info_event_locatie_informatie_event_locatie":"Rue des M\u00e9l\u00e8zes 71-91, Ixelles","event_algemene_info_event_locatie_informatie_route_link":"https:\/\/maps.app.goo.gl\/NoPBFhnzmbfos9sv9","event_algemene_info_short_event_description":"Les M\u00e9l\u00e8zes donnent vie \u00e0 l\u2019une des adresses les plus prestigieuses d\u2019Ixelles, entre Ch\u00e2telain, la place Brugmann et le parc de Tenbosch.\nLe jeudi 17 septembre, nous vous invitons sur le site des M\u00e9l\u00e8zes, de 17h \u00e0 19h, pour notre Afterimmo. Venez d\u00e9couvrir le projet de pr\u00e8s, des appartements aux spacieux duplex, avec possibilit\u00e9 d\u2019achat \u00e0 6 % de TVA. Profitez d\u2019une collation, d\u2019une boisson et discutez de vos projets avec notre \u00e9quipe.  ","sectie_afbeelding_image_banner_title":"Vivre au c\u0153ur verdoyant d'Ixelles.","sectie_afbeelding_image_banner_text":"<p class=\"x_text-text-100 x_mt-2 x_-mb-1 x_text-base x_font-bold\">Des appartements lumineux, avec le meilleur d'Ixelles \u00e0 port\u00e9e de main. Le parc comme jardin d'entr\u00e9e. La ville comme un quartier. Bruxelles \u00e0 port\u00e9e de main et chez vous, le calme pour en profiter pleinement.   <\/p>","event_formulier_form_title":"Inscrivez-moi","event_formulier_hubspot_shortcode":"[hubspot type=\"form\" portal=\"25279879\" id=\"e35c45d0-0186-44fd-a350-e849f2857d79\"]"},"meta_all_flat":{"event_gallery":false,"programma":false,"large_event":true,"event_algemene_info":"","sectie_afbeelding":"","experten":"","sectie_tekst_met_afbeelding":"","event_formulier":"","event_algemene_info_event_date":"20260917","event_algemene_info_event_start_time":"17:00:00","event_algemene_info_event_end_time":"19:00:00","event_algemene_info_event_locatie_informatie":"","sectie_afbeelding_image_banner_background":"","experten_experts_aanwezig":"0","experten_event_experts":"","sectie_tekst_met_afbeelding_textblock_image":"","hide_this_event_from_the_loops":false,"content-type":"","footnotes":"","sectie_tekst_met_afbeelding_textblock_title":"","sectie_tekst_met_afbeelding_textblock_subtitle":"","sectie_tekst_met_afbeelding_textblock_text":"","sectie_tekst_met_afbeelding_textblock_button_title":"","sectie_tekst_met_afbeelding_textblock_button_link":"","event_formulier_form_text":"","event_algemene_info_event_locatie_informatie_event_locatie":"Rue des M\u00e9l\u00e8zes 71-91, Ixelles","event_algemene_info_event_locatie_informatie_route_link":"https:\/\/maps.app.goo.gl\/NoPBFhnzmbfos9sv9","event_algemene_info_short_event_description":"Les M\u00e9l\u00e8zes donnent vie \u00e0 l\u2019une des adresses les plus prestigieuses d\u2019Ixelles, entre Ch\u00e2telain, la place Brugmann et le parc de Tenbosch.\nLe jeudi 17 septembre, nous vous invitons sur le site des M\u00e9l\u00e8zes, de 17h \u00e0 19h, pour notre Afterimmo. Venez d\u00e9couvrir le projet de pr\u00e8s, des appartements aux spacieux duplex, avec possibilit\u00e9 d\u2019achat \u00e0 6 % de TVA. Profitez d\u2019une collation, d\u2019une boisson et discutez de vos projets avec notre \u00e9quipe.  ","sectie_afbeelding_image_banner_title":"Vivre au c\u0153ur verdoyant d'Ixelles.","sectie_afbeelding_image_banner_text":"<p class=\"x_text-text-100 x_mt-2 x_-mb-1 x_text-base x_font-bold\">Des appartements lumineux, avec le meilleur d'Ixelles \u00e0 port\u00e9e de main. Le parc comme jardin d'entr\u00e9e. La ville comme un quartier. Bruxelles \u00e0 port\u00e9e de main et chez vous, le calme pour en profiter pleinement.   <\/p>","event_formulier_form_title":"Inscrivez-moi","event_formulier_hubspot_shortcode":"[hubspot type=\"form\" portal=\"25279879\" id=\"e35c45d0-0186-44fd-a350-e849f2857d79\"]","event_algemene_info.event_date":"septembre 17, 2026","event_algemene_info.event_start_time":"17","event_algemene_info.event_end_time":"19","event_algemene_info.event_locatie_informatie.event_locatie":"Rue des M\u00e9l\u00e8zes 71-91, Ixelles","event_algemene_info.event_locatie_informatie.route_link":"https:\/\/maps.app.goo.gl\/NoPBFhnzmbfos9sv9","event_algemene_info.short_event_description":"<p>Les M\u00e9l\u00e8zes donnent vie \u00e0 l\u2019une des adresses les plus prestigieuses d\u2019Ixelles, entre Ch\u00e2telain, la place Brugmann et le parc de Tenbosch.<br \/>\nLe jeudi 17 septembre, nous vous invitons sur le site des M\u00e9l\u00e8zes, de 17h \u00e0 19h, pour notre Afterimmo. Venez d\u00e9couvrir le projet de pr\u00e8s, des appartements aux spacieux duplex, avec possibilit\u00e9 d\u2019achat \u00e0 6 % de TVA. Profitez d\u2019une collation, d\u2019une boisson et discutez de vos projets avec notre \u00e9quipe.  <\/p>\n","sectie_afbeelding.image_banner_background":false,"sectie_afbeelding.image_banner_title":"Vivre au c\u0153ur verdoyant d'Ixelles.","sectie_afbeelding.image_banner_text":"<p class=\"x_text-text-100 x_mt-2 x_-mb-1 x_text-base x_font-bold\">Des appartements lumineux, avec le meilleur d&rsquo;Ixelles \u00e0 port\u00e9e de main. Le parc comme jardin d&rsquo;entr\u00e9e. La ville comme un quartier. Bruxelles \u00e0 port\u00e9e de main et chez vous, le calme pour en profiter pleinement.   <\/p>\n","experten.experts_aanwezig":false,"experten.event_experts":false,"sectie_tekst_met_afbeelding.textblock_image":false,"sectie_tekst_met_afbeelding.textblock_title":"","sectie_tekst_met_afbeelding.textblock_subtitle":"","sectie_tekst_met_afbeelding.textblock_text":"","sectie_tekst_met_afbeelding.textblock_button_title":"","sectie_tekst_met_afbeelding.textblock_button_link":"","event_formulier.form_title":"Inscrivez-moi","event_formulier.form_text":"","event_formulier.hubspot_shortcode":"[hubspot type=\"form\" portal=\"25279879\" id=\"e35c45d0-0186-44fd-a350-e849f2857d79\"]"},"yoast_head":"<!-- This site is optimized with the Yoast SEO plugin v28.3 - https:\/\/yoast.com\/product\/yoast-seo-wordpress\/ -->\n<title>Afterimmo - Les M\u00e9l\u00e8zes - YOBO Real Estate - Projectontwikkelaar<\/title>\n<meta name=\"description\" content=\"Au c\u0153ur d&#039;Ixelles, un nouveau chapitre s&#039;ouvre. Des appartements lumineux, avec le meilleur d&#039;Ixelles \u00e0 port\u00e9e de main.\" \/>\n<meta name=\"robots\" content=\"index, follow, max-snippet:-1, max-image-preview:large, max-video-preview:-1\" \/>\n<link rel=\"canonical\" href=\"https:\/\/yobo.be\/fr\/event\/journee-decouverte-les-melezes\/\" \/>\n<meta property=\"og:locale\" content=\"fr_FR\" \/>\n<meta property=\"og:type\" content=\"article\" \/>\n<meta property=\"og:title\" content=\"Afterimmo - Les M\u00e9l\u00e8zes - YOBO Real Estate - Projectontwikkelaar\" \/>\n<meta property=\"og:description\" content=\"Au c\u0153ur d&#039;Ixelles, un nouveau chapitre s&#039;ouvre. Des appartements lumineux, avec le meilleur d&#039;Ixelles \u00e0 port\u00e9e de main.\" \/>\n<meta property=\"og:url\" content=\"https:\/\/yobo.be\/fr\/event\/journee-decouverte-les-melezes\/\" \/>\n<meta property=\"og:site_name\" content=\"YOBO Real Estate - Projectontwikkelaar\" \/>\n<meta property=\"article:modified_time\" content=\"2026-08-14T13:01:36+00:00\" \/>\n<meta property=\"og:image\" content=\"https:\/\/yobo.be\/wp-content\/uploads\/2026\/04\/Melezes_B_Mitoyens_1.1-1.jpg\" \/>\n\t<meta property=\"og:image:width\" content=\"1920\" \/>\n\t<meta property=\"og:image:height\" content=\"1280\" \/>\n\t<meta property=\"og:image:type\" content=\"image\/jpeg\" \/>\n<meta name=\"twitter:card\" content=\"summary_large_image\" \/>\n<script type=\"application\/ld+json\" class=\"yoast-schema-graph\">{\"@context\":\"https:\\\/\\\/schema.org\",\"@graph\":[{\"@type\":\"WebPage\",\"@id\":\"https:\\\/\\\/yobo.be\\\/fr\\\/event\\\/journee-decouverte-les-melezes\\\/\",\"url\":\"https:\\\/\\\/yobo.be\\\/fr\\\/event\\\/journee-decouverte-les-melezes\\\/\",\"name\":\"Afterimmo - Les M\u00e9l\u00e8zes - YOBO Real Estate - Projectontwikkelaar\",\"isPartOf\":{\"@id\":\"https:\\\/\\\/yobo.be\\\/fr\\\/#website\"},\"primaryImageOfPage\":{\"@id\":\"https:\\\/\\\/yobo.be\\\/fr\\\/event\\\/journee-decouverte-les-melezes\\\/#primaryimage\"},\"image\":{\"@id\":\"https:\\\/\\\/yobo.be\\\/fr\\\/event\\\/journee-decouverte-les-melezes\\\/#primaryimage\"},\"thumbnailUrl\":\"https:\\\/\\\/yobo.be\\\/wp-content\\\/uploads\\\/2026\\\/04\\\/Melezes_B_Mitoyens_1.1-1.jpg\",\"datePublished\":\"2026-08-13T09:00:14+00:00\",\"dateModified\":\"2026-08-14T13:01:36+00:00\",\"description\":\"Au c\u0153ur d'Ixelles, un nouveau chapitre s'ouvre. Des appartements lumineux, avec le meilleur d'Ixelles \u00e0 port\u00e9e de main.\",\"breadcrumb\":{\"@id\":\"https:\\\/\\\/yobo.be\\\/fr\\\/event\\\/journee-decouverte-les-melezes\\\/#breadcrumb\"},\"inLanguage\":\"fr-FR\",\"potentialAction\":[{\"@type\":\"ReadAction\",\"target\":[\"https:\\\/\\\/yobo.be\\\/fr\\\/event\\\/journee-decouverte-les-melezes\\\/\"]}]},{\"@type\":\"ImageObject\",\"inLanguage\":\"fr-FR\",\"@id\":\"https:\\\/\\\/yobo.be\\\/fr\\\/event\\\/journee-decouverte-les-melezes\\\/#primaryimage\",\"url\":\"https:\\\/\\\/yobo.be\\\/wp-content\\\/uploads\\\/2026\\\/04\\\/Melezes_B_Mitoyens_1.1-1.jpg\",\"contentUrl\":\"https:\\\/\\\/yobo.be\\\/wp-content\\\/uploads\\\/2026\\\/04\\\/Melezes_B_Mitoyens_1.1-1.jpg\",\"width\":1920,\"height\":1280},{\"@type\":\"BreadcrumbList\",\"@id\":\"https:\\\/\\\/yobo.be\\\/fr\\\/event\\\/journee-decouverte-les-melezes\\\/#breadcrumb\",\"itemListElement\":[{\"@type\":\"ListItem\",\"position\":1,\"name\":\"Home\",\"item\":\"https:\\\/\\\/yobo.be\\\/fr\\\/\"},{\"@type\":\"ListItem\",\"position\":2,\"name\":\"Afterimmo &#8211; Les M\u00e9l\u00e8zes\"}]},{\"@type\":\"WebSite\",\"@id\":\"https:\\\/\\\/yobo.be\\\/fr\\\/#website\",\"url\":\"https:\\\/\\\/yobo.be\\\/fr\\\/\",\"name\":\"YOBO Real Estate - Projectontwikkelaar\",\"description\":\"Ontwikkelaars in duurzaam vastgoed\",\"publisher\":{\"@id\":\"https:\\\/\\\/yobo.be\\\/fr\\\/#organization\"},\"potentialAction\":[{\"@type\":\"SearchAction\",\"target\":{\"@type\":\"EntryPoint\",\"urlTemplate\":\"https:\\\/\\\/yobo.be\\\/fr\\\/?s={search_term_string}\"},\"query-input\":{\"@type\":\"PropertyValueSpecification\",\"valueRequired\":true,\"valueName\":\"search_term_string\"}}],\"inLanguage\":\"fr-FR\"},{\"@type\":\"Organization\",\"@id\":\"https:\\\/\\\/yobo.be\\\/fr\\\/#organization\",\"name\":\"YOBO Real Estate - Projectontwikkelaar\",\"url\":\"https:\\\/\\\/yobo.be\\\/fr\\\/\",\"logo\":{\"@type\":\"ImageObject\",\"inLanguage\":\"fr-FR\",\"@id\":\"https:\\\/\\\/yobo.be\\\/fr\\\/#\\\/schema\\\/logo\\\/image\\\/\",\"url\":\"https:\\\/\\\/yobo.be\\\/wp-content\\\/uploads\\\/2026\\\/02\\\/LOGO_ZWART.svg\",\"contentUrl\":\"https:\\\/\\\/yobo.be\\\/wp-content\\\/uploads\\\/2026\\\/02\\\/LOGO_ZWART.svg\",\"width\":231,\"height\":205,\"caption\":\"YOBO Real Estate - Projectontwikkelaar\"},\"image\":{\"@id\":\"https:\\\/\\\/yobo.be\\\/fr\\\/#\\\/schema\\\/logo\\\/image\\\/\"}}]}<\/script>\n<!-- \/ Yoast SEO plugin. -->","yoast_head_json":{"title":"Afterimmo - Les M\u00e9l\u00e8zes - YOBO Real Estate - Projectontwikkelaar","description":"Au c\u0153ur d'Ixelles, un nouveau chapitre s'ouvre. Des appartements lumineux, avec le meilleur d'Ixelles \u00e0 port\u00e9e de main.","robots":{"index":"index","follow":"follow","max-snippet":"max-snippet:-1","max-image-preview":"max-image-preview:large","max-video-preview":"max-video-preview:-1"},"canonical":"https:\/\/yobo.be\/fr\/event\/journee-decouverte-les-melezes\/","og_locale":"fr_FR","og_type":"article","og_title":"Afterimmo - Les M\u00e9l\u00e8zes - YOBO Real Estate - Projectontwikkelaar","og_description":"Au c\u0153ur d'Ixelles, un nouveau chapitre s'ouvre. Des appartements lumineux, avec le meilleur d'Ixelles \u00e0 port\u00e9e de main.","og_url":"https:\/\/yobo.be\/fr\/event\/journee-decouverte-les-melezes\/","og_site_name":"YOBO Real Estate - Projectontwikkelaar","article_modified_time":"2026-08-14T13:01:36+00:00","og_image":[{"width":1920,"height":1280,"url":"https:\/\/yobo.be\/wp-content\/uploads\/2026\/04\/Melezes_B_Mitoyens_1.1-1.jpg","type":"image\/jpeg"}],"twitter_card":"summary_large_image","schema":{"@context":"https:\/\/schema.org","@graph":[{"@type":"WebPage","@id":"https:\/\/yobo.be\/fr\/event\/journee-decouverte-les-melezes\/","url":"https:\/\/yobo.be\/fr\/event\/journee-decouverte-les-melezes\/","name":"Afterimmo - Les M\u00e9l\u00e8zes - YOBO Real Estate - Projectontwikkelaar","isPartOf":{"@id":"https:\/\/yobo.be\/fr\/#website"},"primaryImageOfPage":{"@id":"https:\/\/yobo.be\/fr\/event\/journee-decouverte-les-melezes\/#primaryimage"},"image":{"@id":"https:\/\/yobo.be\/fr\/event\/journee-decouverte-les-melezes\/#primaryimage"},"thumbnailUrl":"https:\/\/yobo.be\/wp-content\/uploads\/2026\/04\/Melezes_B_Mitoyens_1.1-1.jpg","datePublished":"2026-08-13T09:00:14+00:00","dateModified":"2026-08-14T13:01:36+00:00","description":"Au c\u0153ur d'Ixelles, un nouveau chapitre s'ouvre. Des appartements lumineux, avec le meilleur d'Ixelles \u00e0 port\u00e9e de main.","breadcrumb":{"@id":"https:\/\/yobo.be\/fr\/event\/journee-decouverte-les-melezes\/#breadcrumb"},"inLanguage":"fr-FR","potentialAction":[{"@type":"ReadAction","target":["https:\/\/yobo.be\/fr\/event\/journee-decouverte-les-melezes\/"]}]},{"@type":"ImageObject","inLanguage":"fr-FR","@id":"https:\/\/yobo.be\/fr\/event\/journee-decouverte-les-melezes\/#primaryimage","url":"https:\/\/yobo.be\/wp-content\/uploads\/2026\/04\/Melezes_B_Mitoyens_1.1-1.jpg","contentUrl":"https:\/\/yobo.be\/wp-content\/uploads\/2026\/04\/Melezes_B_Mitoyens_1.1-1.jpg","width":1920,"height":1280},{"@type":"BreadcrumbList","@id":"https:\/\/yobo.be\/fr\/event\/journee-decouverte-les-melezes\/#breadcrumb","itemListElement":[{"@type":"ListItem","position":1,"name":"Home","item":"https:\/\/yobo.be\/fr\/"},{"@type":"ListItem","position":2,"name":"Afterimmo &#8211; Les M\u00e9l\u00e8zes"}]},{"@type":"WebSite","@id":"https:\/\/yobo.be\/fr\/#website","url":"https:\/\/yobo.be\/fr\/","name":"YOBO Real Estate - Projectontwikkelaar","description":"Ontwikkelaars in duurzaam vastgoed","publisher":{"@id":"https:\/\/yobo.be\/fr\/#organization"},"potentialAction":[{"@type":"SearchAction","target":{"@type":"EntryPoint","urlTemplate":"https:\/\/yobo.be\/fr\/?s={search_term_string}"},"query-input":{"@type":"PropertyValueSpecification","valueRequired":true,"valueName":"search_term_string"}}],"inLanguage":"fr-FR"},{"@type":"Organization","@id":"https:\/\/yobo.be\/fr\/#organization","name":"YOBO Real Estate - Projectontwikkelaar","url":"https:\/\/yobo.be\/fr\/","logo":{"@type":"ImageObject","inLanguage":"fr-FR","@id":"https:\/\/yobo.be\/fr\/#\/schema\/logo\/image\/","url":"https:\/\/yobo.be\/wp-content\/uploads\/2026\/02\/LOGO_ZWART.svg","contentUrl":"https:\/\/yobo.be\/wp-content\/uploads\/2026\/02\/LOGO_ZWART.svg","width":231,"height":205,"caption":"YOBO Real Estate - Projectontwikkelaar"},"image":{"@id":"https:\/\/yobo.be\/fr\/#\/schema\/logo\/image\/"}}]}},"_links":{"self":[{"href":"https:\/\/yobo.be\/fr\/wp-json\/wp\/v2\/event\/9768","targetHints":{"allow":["GET"]}}],"collection":[{"href":"https:\/\/yobo.be\/fr\/wp-json\/wp\/v2\/event"}],"about":[{"href":"https:\/\/yobo.be\/fr\/wp-json\/wp\/v2\/types\/event"}],"author":[{"embeddable":true,"href":"https:\/\/yobo.be\/fr\/wp-json\/wp\/v2\/users\/1"}],"version-history":[{"count":2,"href":"https:\/\/yobo.be\/fr\/wp-json\/wp\/v2\/event\/9768\/revisions"}],"predecessor-version":[{"id":9870,"href":"https:\/\/yobo.be\/fr\/wp-json\/wp\/v2\/event\/9768\/revisions\/9870"}],"wp:featuredmedia":[{"embeddable":true,"href":"https:\/\/yobo.be\/fr\/wp-json\/wp\/v2\/media\/6734"}],"wp:attachment":[{"href":"https:\/\/yobo.be\/fr\/wp-json\/wp\/v2\/media?parent=9768"}],"wp:term":[{"taxonomy":"event-type","embeddable":true,"href":"https:\/\/yobo.be\/fr\/wp-json\/wp\/v2\/event-type?post=9768"},{"taxonomy":"region","embeddable":true,"href":"https:\/\/yobo.be\/fr\/wp-json\/wp\/v2\/region?post=9768"}],"curies":[{"name":"wp","href":"https:\/\/api.w.org\/{rel}","templated":true}]}}